{"id":3,"date":"2021-10-08T06:40:35","date_gmt":"2021-10-08T06:40:35","guid":{"rendered":"https:\/\/gmc-global.com\/?page_id=3"},"modified":"2023-08-18T11:57:26","modified_gmt":"2023-08-18T11:57:26","slug":"privacy-policy","status":"publish","type":"page","link":"https:\/\/gmc-global.de\/en\/privacy-policy\/","title":{"rendered":"Datenschutzerkl\u00e4rung"},"content":{"rendered":"<h2 class=\"wp-block-heading\"><strong><span style=\"text-decoration: underline\" class=\"underline\"><strong>1. Einleitung<\/strong><\/span><\/strong><\/h2>\n\n\n\n<p>Mit den folgenden Informationen m\u00f6chten wir Ihnen als &#8222;betroffener Person&#8220; einen \u00dcberblick \u00fcber die Verarbeitung Ihrer personenbezogenen Daten durch uns und Ihre Rechte aus den Datenschutzgesetzen geben. Eine Nutzung unserer Internetseiten ist grunds\u00e4tzlich ohne Eingabe personenbezogener Daten m\u00f6glich. Sofern Sie besondere Services unseres Unternehmens \u00fcber unsere Internetseite in Anspruch nehmen m\u00f6chten, k\u00f6nnte jedoch eine Verarbeitung personenbezogener Daten erforderlich werden. Ist die Verarbeitung personenbezogener Daten erforderlich und besteht f\u00fcr eine solche Verarbeitung keine gesetzliche Grundlage, holen wir generell eine Einwilligung von Ihnen ein.<\/p>\n\n\n\n<p>Die Verarbeitung von personenbezogenen Daten, beispielsweise Ihres Namens, der Anschrift oder der E-Mail-Adresse, erfolgt stets im Einklang mit der Datenschutz-Grundverordnung (DS-GVO) und in \u00dcbereinstimmung mit den f\u00fcr die GMC Global Management Consulting GmbH geltenden landesspezifischen Datenschutzbestimmungen. Mittels dieser Datenschutzerkl\u00e4rung m\u00f6chten wir Sie \u00fcber Umfang und Zweck der von uns erhobenen, genutzten und verarbeiteten personenbezogenen Daten informieren.<\/p>\n\n\n\n<p>Wir haben als f\u00fcr die Verarbeitung Verantwortliche zahlreiche technische und organisatorische Ma\u00dfnahmen umgesetzt, um einen m\u00f6glichst l\u00fcckenlosen Schutz der \u00fcber diese Internetseite verarbeiteten personenbezogenen Daten sicherzustellen. Dennoch k\u00f6nnen internetbasierte Daten\u00fcbertragungen grunds\u00e4tzlich Sicherheitsl\u00fccken aufweisen, sodass ein absoluter Schutz nicht gew\u00e4hrleistet werden kann. Aus diesem Grund steht es Ihnen frei, personenbezogene Daten auch auf alternativen Wegen, beispielsweise telefonisch oder per Post, an uns zu \u00fcbermitteln.<\/p>\n\n\n\n<p>Auch Sie k\u00f6nnen einfache und leicht umzusetzende Ma\u00dfnahmen ergreifen, um sich gegen den unbefugten Zugang Dritter zu Ihren Daten zu sch\u00fctzen. Daher m\u00f6chten wir Ihnen an dieser Stelle einige Hinweise zum sicheren Umgang mit Ihren Daten geben:<\/p>\n\n\n\n<ul class=\"wp-block-list\">\n<li>Sch\u00fctzen Sie Ihren Account (Login, Nutzer- oder Kundenkonto) und Ihr IT-System (Computer, Laptop, Tablet oder Mobile-Ger\u00e4t) mit sicheren Passw\u00f6rtern.<\/li>\n\n\n\n<li>Nur Sie sollten Zugang zu den Passw\u00f6rtern haben.<\/li>\n\n\n\n<li>Stellen Sie sicher, dass Sie Ihre Passw\u00f6rter immer nur f\u00fcr einen Account (Login, Nutzer- oder Kundenkonto) nutzen.<\/li>\n\n\n\n<li>Verwenden Sie ein Passwort nicht f\u00fcr verschiedene Websites, Anwendungen oder Online-Services.<\/li>\n\n\n\n<li>Insbesondere bei der Nutzung von \u00f6ffentlich zug\u00e4nglichen oder gemeinsam mit anderen Personen genutzten IT-Systemen gilt: Sie sollten sich unbedingt nach jeder Anmeldung auf einer Website, einer Anwendung oder einem Online-Service wieder abmelden.<\/li>\n<\/ul>\n\n\n\n<p>Passw\u00f6rter sollten aus mindestens 12 Zeichen bestehen und so gew\u00e4hlt werden, dass sie nicht leicht erraten werden k\u00f6nnen. Daher sollten sie keine g\u00e4ngigen W\u00f6rter aus dem Alltag, den eigenen Namen oder Namen von Verwandten, sondern Gro\u00df- und Kleinschreibung, Zahlen und Sonderzeichen enthalten.<\/p>\n\n\n\n<h2 class=\"wp-block-heading\"><strong><span style=\"text-decoration: underline\" class=\"underline\"><strong>2. Verantwortlicher<\/strong><\/span><\/strong><\/h2>\n\n\n\n<p>Verantwortlicher im Sinne der DS-GVO ist die:<\/p>\n\n\n\n<p>GMC Global Management Consulting GmbH<\/p>\n\n\n\n<p>\u00c4u\u00dfere Sulzbacher Str. 16, 90489 N\u00fcrnberg<\/p>\n\n\n\n<p>Telefon: +49 (0) 911 \/ 812 21 169<\/p>\n\n\n\n<p>E-Mail: buero@gmc-global.de<\/p>\n\n\n\n<p>Vertreter des Verantwortlichen: Frank K. Buchmann<\/p>\n\n\n\n<h2 class=\"wp-block-heading\"><strong><span style=\"text-decoration: underline\" class=\"underline\"><strong>3. Datenschutzbeauftragter<\/strong><\/span><\/strong><\/h2>\n\n\n\n<p>Ein Datenschutzbeauftragter ist nicht bestellt, da unser Unternehmen gesetzlich nicht dazu verpflichtet ist. Sie k\u00f6nnen sich jederzeit bei allen Fragen und Anregungen zum Datenschutz direkt an uns wenden.<\/p>\n\n\n\n<p>Die Datenschutzerkl\u00e4rung beruht auf den Begrifflichkeiten, die durch den Europ\u00e4ischen Richtlinien- und Verordnungsgeber beim Erlass der Datenschutz-Grundverordnung (DS-GVO) verwendet wurden. Unsere Datenschutzerkl\u00e4rung soll sowohl f\u00fcr die \u00d6ffentlichkeit als auch f\u00fcr unsere Kunden und Gesch\u00e4ftspartner einfach lesbar und verst\u00e4ndlich sein. Um dies zu gew\u00e4hrleisten, m\u00f6chten wir vorab die verwendeten Begrifflichkeiten erl\u00e4utern.<\/p>\n\n\n\n<h2 class=\"wp-block-heading\"><strong><strong><span style=\"text-decoration: underline\" class=\"underline\">4. Begriffsbestimmungen<\/span><\/strong><\/strong><\/h2>\n\n\n\n<p>Wir verwenden in dieser Datenschutzerkl\u00e4rung unter anderem die folgenden Begriffe:<\/p>\n\n\n\n<p>1. <strong>Personenbezogene Daten<\/strong><\/p>\n\n\n\n<p>Personenbezogene Daten sind alle Informationen, die sich auf eine identifizierte oder identifizierbare nat\u00fcrliche Person beziehen. Als identifizierbar wird eine nat\u00fcrliche Person angesehen, die direkt oder indirekt, insbesondere mittels Zuordnung zu einer Kennung wie einem Namen, zu einer Kennnummer, zu Standortdaten, zu einer Online-Kennung oder zu einem oder mehreren besonderen Merkmalen, die Ausdruck der physischen, physiologischen, genetischen, psychischen, wirtschaftlichen, kulturellen oder sozialen Identit\u00e4t dieser nat\u00fcrlichen Person sind, identifiziert werden kann.<\/p>\n\n\n\n<p>2. <strong>Betroffene Person<\/strong><\/p>\n\n\n\n<p>Betroffene Person ist jede identifizierte oder identifizierbare nat\u00fcrliche Person, deren personenbezogene Daten von dem f\u00fcr die Verarbeitung Verantwortlichen (unser Unternehmen) verarbeitet werden.<\/p>\n\n\n\n<p>3. <strong>Verarbeitung<\/strong><\/p>\n\n\n\n<p>Verarbeitung ist jeder mit oder ohne Hilfe automatisierter Verfahren ausgef\u00fchrte Vorgang oder jede solche Vorgangsreihe im Zusammenhang mit personenbezogenen Daten wie das Erheben, das Erfassen, die Organisation, das Ordnen, die Speicherung, die Anpassung oder Ver\u00e4nderung, das Auslesen, das Abfragen, die Verwendung, die Offenlegung durch \u00dcbermittlung, Verbreitung oder eine andere Form der Bereitstellung, den Abgleich oder die Verkn\u00fcpfung, die Einschr\u00e4nkung, das L\u00f6schen oder die Vernichtung.<\/p>\n\n\n\n<p>4. <strong>Einschr\u00e4nkung der Verarbeitung<\/strong><\/p>\n\n\n\n<p>Einschr\u00e4nkung der Verarbeitung ist die Markierung gespeicherter personenbezogener Daten mit dem Ziel, ihre k\u00fcnftige Verarbeitung einzuschr\u00e4nken.<\/p>\n\n\n\n<p>5. <strong>Profiling<\/strong><\/p>\n\n\n\n<p>Profiling ist jede Art der automatisierten Verarbeitung personenbezogener Daten, die darin besteht, dass diese personenbezogenen Daten verwendet werden, um bestimmte pers\u00f6nliche Aspekte, die sich auf eine nat\u00fcrliche Person beziehen, zu bewerten, insbesondere, um Aspekte bez\u00fcglich Arbeitsleistung, wirtschaftlicher Lage, Gesundheit, pers\u00f6nlicher Vorlieben, Interessen, Zuverl\u00e4ssigkeit, Verhalten, Aufenthaltsort oder Ortswechsel dieser nat\u00fcrlichen Person zu analysieren oder vorherzusagen.<\/p>\n\n\n\n<p>6. <strong>Pseudonymisierung<\/strong><\/p>\n\n\n\n<p>Pseudonymisierung ist die Verarbeitung personenbezogener Daten in einer Weise, auf welche die personenbezogenen Daten ohne Hinzuziehung zus\u00e4tzlicher Informationen nicht mehr einer spezifischen betroffenen Person zugeordnet werden k\u00f6nnen, sofern diese zus\u00e4tzlichen Informationen gesondert aufbewahrt werden und technischen und organisatorischen Ma\u00dfnahmen unterliegen, die gew\u00e4hrleisten, dass die personenbezogenen Daten nicht einer identifizierten oder identifizierbaren nat\u00fcrlichen Person zugewiesen werden.<\/p>\n\n\n\n<p>7. <strong>Auftragsverarbeiter<\/strong><\/p>\n\n\n\n<p>Auftragsverarbeiter ist eine nat\u00fcrliche oder juristische Person, Beh\u00f6rde, Einrichtung oder andere Stelle, die personenbezogene Daten im Auftrag des Verantwortlichen verarbeitet.<\/p>\n\n\n\n<p>8. <strong>Empf\u00e4nger<\/strong><\/p>\n\n\n\n<p>Empf\u00e4nger ist eine nat\u00fcrliche oder juristische Person, Beh\u00f6rde, Einrichtung oder andere Stelle, der personenbezogene Daten offengelegt werden, unabh\u00e4ngig davon, ob es sich bei ihr um einen Dritten handelt oder nicht. Beh\u00f6rden, die im Rahmen eines bestimmten Untersuchungsauftrags nach dem Unionsrecht oder dem Recht der Mitgliedstaaten m\u00f6glicherweise personenbezogene Daten erhalten, gelten jedoch nicht als Empf\u00e4nger.<\/p>\n\n\n\n<p>9. <strong>Dritter<\/strong><\/p>\n\n\n\n<p>Dritter ist eine nat\u00fcrliche oder juristische Person, Beh\u00f6rde, Einrichtung oder andere Stelle au\u00dfer der betroffenen Person, dem Verantwortlichen, dem Auftragsverarbeiter und den Personen, die unter der unmittelbaren Verantwortung des Verantwortlichen oder des Auftragsverarbeiters befugt sind, die personenbezogenen Daten zu verarbeiten.<\/p>\n\n\n\n<p>10. <strong>Einwilligung<\/strong><\/p>\n\n\n\n<p>Einwilligung ist jede von der betroffenen Person freiwillig f\u00fcr den bestimmten Fall in informierter Weise und unmissverst\u00e4ndlich abgegebene Willensbekundung in Form einer Erkl\u00e4rung oder einer sonstigen eindeutigen best\u00e4tigenden Handlung, mit der die betroffene Person zu verstehen gibt, dass Sie mit der Verarbeitung der Sie betreffenden personenbezogenen Daten einverstanden ist.<\/p>\n\n\n\n<h2 class=\"wp-block-heading\"><strong><span style=\"text-decoration: underline\" class=\"underline\"><strong>5. Technik<\/strong><\/span><\/strong><\/h2>\n\n\n\n<p><strong>5.1 Hosting<\/strong><\/p>\n\n\n\n<p>Wir hosten unsere Website beim Anbieter Adestis GmbH, Schleifweg 37, 90409 N\u00fcrnberg (nachfolgend Adestis). Personenbezogene Daten, die auf dieser Website erfasst werden, werden auf den Servern des Anbieters gespeichert. Die Verwendung von Adestis erfolgt auf Grundlage von Art. 6 Abs. 1 lit. f DS-GVO. Wir haben ein berechtigtes Interesse an einer m\u00f6glichst zuverl\u00e4ssigen Darstellung unserer Website.<\/p>\n\n\n\n<p>Wir haben einen Vertrag \u00fcber Auftragsverarbeitung (AVV) mit dem oben genannten Anbieter geschlossen, der gew\u00e4hrleistet, dass die personenbezogenen Daten unserer Websitebesucher nur nach unseren Weisungen und unter Einhaltung der DS-GVO verarbeitet werden.<\/p>\n\n\n\n<p><strong>5.2 SSL\/TLS-Verschl\u00fcsselung<\/strong><\/p>\n\n\n\n<p>Diese Seite nutzt zur <strong>Gew\u00e4hrleistung<\/strong> der Sicherheit der Datenverarbeitung und zum Schutz der \u00dcbertragung vertraulicher Inhalte, wie zum Beispiel Bestellungen, Login-Daten oder Kontaktanfragen, die Sie an uns als Betreiber senden, eine SSL-bzw. TLS-Verschl\u00fcsselung. Eine verschl\u00fcsselte Verbindung erkennen Sie daran, dass in der Adresszeile des Browsers statt einem &#8222;http:\/\/&#8220; ein &#8222;https:\/\/&#8220; steht und an dem Schloss-Symbol in Ihrer Browserzeile.<\/p>\n\n\n\n<p>Wir setzen diese Technologie ein, um Ihre \u00fcbermittelten Daten zu sch\u00fctzen.<\/p>\n\n\n\n<p><strong>5.3 Datenerfassung beim Besuch der Internetseite<\/strong><\/p>\n\n\n\n<p>Bei der lediglich informatorischen Nutzung unserer Website, also bei Nichtregistrierung oder anderweitiger \u00dcbermittlung von Informationen an uns, erheben wir nur solche Daten, die Ihr Browser an unseren Server \u00fcbermittelt (in sog. &#8222;Server-Logfiles&#8220;). Unsere Internetseite erfasst mit jedem Aufruf einer Seite durch Sie oder durch ein automatisiertes System eine Reihe von allgemeinen Daten und Informationen. Diese allgemeinen Daten und Informationen werden in den Logfiles des Servers gespeichert. Erfasst werden k\u00f6nnen die<\/p>\n\n\n\n<ol class=\"wp-block-list\">\n<li>verwendeten Browsertypen und Versionen,<\/li>\n\n\n\n<li>das vom zugreifenden System verwendete Betriebssystem,<\/li>\n\n\n\n<li>die Internetseite, von welcher ein zugreifendes System auf unsere Internetseite gelangt (sogenannte Referrer),<\/li>\n\n\n\n<li>die Unterwebseiten, welche \u00fcber ein zugreifendes System auf unserer Internetseite angesteuert werden,<\/li>\n\n\n\n<li>das Datum und die Uhrzeit eines Zugriffs auf die Internetseite,<\/li>\n\n\n\n<li>eine Internet-Protokoll-Adresse (IP-Adresse) und,<\/li>\n\n\n\n<li>der Internet-Service-Provider des zugreifenden Systems.<\/li>\n<\/ol>\n\n\n\n<p>Bei der Nutzung dieser allgemeinen Daten und Informationen ziehen wir keine R\u00fcckschl\u00fcsse auf Ihre Person. Diese Informationen werden vielmehr ben\u00f6tigt, um<\/p>\n\n\n\n<ol class=\"wp-block-list\">\n<li>die Inhalte unserer Internetseite korrekt auszuliefern,<\/li>\n\n\n\n<li>die Inhalte unserer Internetseite sowie die Werbung f\u00fcr diese zu optimieren,<\/li>\n\n\n\n<li>die dauerhafte Funktionsf\u00e4higkeit unserer IT-Systeme und der Technik unserer Internetseite zu gew\u00e4hrleisten sowie<\/li>\n\n\n\n<li>um Strafverfolgungsbeh\u00f6rden im Falle eines Cyberangriffes die zur Strafverfolgung notwendigen Informationen bereitzustellen.<\/li>\n<\/ol>\n\n\n\n<p>Diese erhobenen Daten und Informationen werden durch uns daher einerseits statistisch und ferner mit dem Ziel ausgewertet, den Datenschutz und die Datensicherheit in unserem Unternehmen zu erh\u00f6hen, um letztlich ein optimales Schutzniveau f\u00fcr die von uns verarbeiteten personenbezogenen Daten sicherzustellen. Die Daten der Server-Logfiles werden getrennt von allen durch eine betroffene Person angegebenen personenbezogenen Daten gespeichert.<\/p>\n\n\n\n<p>Die Rechtsgrundlage f\u00fcr die Datenverarbeitung ist Art. 6 Abs. 1 S. 1 lit. f DS-GVO. Unser berechtigtes Interesse folgt aus oben aufgelisteten Zwecken zur Datenerhebung.<\/p>\n\n\n\n<h2 class=\"wp-block-heading\"><strong><span style=\"text-decoration: underline\" class=\"underline\"><strong>6. Cookies<\/strong><\/span><\/strong><\/h2>\n\n\n\n<p><strong>6.1 Allgemeines zu Cookies<\/strong><\/p>\n\n\n\n<p>Wir setzen auf unserer Internetseite Cookies ein. Hierbei handelt es sich um kleine Dateien, die Ihr Browser automatisch erstellt und die auf Ihrem IT-System (Laptop, Tablet, Smartphone o.\u00c4.) gespeichert werden, wenn Sie unsere Seite besuchen.<\/p>\n\n\n\n<p>In dem Cookie werden Informationen abgelegt, die sich jeweils aus dem Zusammenhang mit dem spezifisch eingesetzten Endger\u00e4t ergeben. Dies bedeutet jedoch nicht, dass wir dadurch unmittelbar Kenntnis von Ihrer Identit\u00e4t erhalten. Der Einsatz von Cookies dient dazu, die Nutzung unseres Angebots f\u00fcr Sie angenehmer zu gestalten.<\/p>\n\n\n\n<p><strong>6.2 Klassifizierung der verwendeten Cookies<\/strong><\/p>\n\n\n\n<p>Wir setzen verschiedene Arten von Cookies ein:<\/p>\n\n\n\n<p>Session-Cookies<\/p>\n\n\n\n<p>Der Einsatz von Cookies dient dazu, die Nutzung unseres Angebots f\u00fcr Sie angenehmer zu gestalten. So setzen wir sog. Session-Cookies ein, um zu erkennen, dass Sie einzelne Seiten unserer Website bereits besucht haben. Diese werden nach Verlassen unserer Seite automatisch gel\u00f6scht.<\/p>\n\n\n\n<p>Tempor\u00e4re Cookies<\/p>\n\n\n\n<p>Dar\u00fcber hinaus setzen wir ebenfalls zur Optimierung der Benutzerfreundlichkeit tempor\u00e4re Cookies ein, die f\u00fcr einen bestimmten festgelegten Zeitraum auf Ihrem Endger\u00e4t gespeichert werden. Besuchen Sie unsere Seite erneut, um unsere Dienste in Anspruch zu nehmen, wird automatisch erkannt, dass Sie bereits bei uns waren und welche Eingaben und Einstellungen sie get\u00e4tigt haben, um diese nicht noch einmal eingeben zu m\u00fcssen.<\/p>\n\n\n\n<p>Nachweis-Cookies<\/p>\n\n\n\n<p>Zu guter Letzt setzten wir ein Cookie, das Ihre Aufkl\u00e4rung \u00fcber den Einsatz von Cookies auf unserer Homepage speichert. Die Speicherung Ihrer Best\u00e4tigung dient der Erf\u00fcllung unserer datenschutzrechtlichen Nachweispflichten.<\/p>\n\n\n\n<p><strong>6.3 Rechtsgrundlage der Nutzung von Cookies<\/strong><\/p>\n\n\n\n<p>Ist der Einsatz von Cookies f\u00fcr die ordnungsm\u00e4\u00dfige Funktion unserer Webseite notwendig, erfolgt die Verarbeitung der personenbezogenen Daten zur Wahrung unseres berechtigten Interesses eine funktionsf\u00e4hige und userfreundliche Internetpr\u00e4senz zu betreiben nach Art. 6 Abs. 1 S. 1 lit. f) DS-GVO. F\u00fcr diese Verarbeitungst\u00e4tigkeiten steht Ihnen ein Widerspruchsrecht zu. Die meisten Browser akzeptieren Cookies automatisch. Sie k\u00f6nnen aber jederzeit von Ihrem Widerspruchsrecht Gebrauch machen und Ihren Browser so konfigurieren, dass keine Cookies auf Ihrem Computer gespeichert werden oder stets ein Hinweis erscheint, bevor ein neues Cookie angelegt wird (mehr Informationen im Abschnitt Hinweise zur Vermeidung von Cookies in g\u00e4ngigen Browsern). Die vollst\u00e4ndige Deaktivierung von Cookies kann jedoch dazu f\u00fchren, dass Sie nicht alle Funktionen unserer Website nutzen k\u00f6nnen.<\/p>\n\n\n\n<p>Zudem nutzen wir das Consent-Einwilligungs-Management &#8222;Cookie Law Info&#8220; des Anbieters CookieYes Limited, 3 Warren Yard Warren Park, Wolverton Mill, Milton Keynes, MK12 5NW, United Kingdom, das Cookies setzt, um Ihre Aufkl\u00e4rung \u00fcber den Einsatz von Cookies auf unserer Homepage zu speichern. Die Speicherdauer Ihrer Best\u00e4tigung betr\u00e4gt elf Monate und dient der Erf\u00fcllung unserer Transparenz- und Rechenschaftspflicht nach Art. 6 Abs. 1 S. 1 lit. a), c) DS-GVO i. V. m. Art. 12, 13, 5 Abs. 2 DS-GVO.<\/p>\n\n\n\n<p><strong>6.4 Hinweise zur Vermeidung von Cookies in g\u00e4ngigen Browsern<\/strong><\/p>\n\n\n\n<p>\u00dcber die Einstellungen Ihres verwendeten Browsers haben Sie jederzeit die M\u00f6glichkeit Cookies zu l\u00f6schen, nur ausgew\u00e4hlte Cookies zuzulassen oder Cookies vollst\u00e4ndig zu deaktivieren. Weitere Informationen erhalten Sie auf den Support-Seiten der jeweiligen Anbieter:<\/p>\n\n\n\n<ul class=\"wp-block-list\">\n<li>Chrome: https:\/\/support.google.com\/chrome\/answer\/95647?tid=311178978.<\/li>\n\n\n\n<li>Safari: https:\/\/support.apple.com\/de-at\/guide\/safari\/sfri11471\/mac?tid=311178978.<\/li>\n\n\n\n<li>Firefox: https:\/\/support.mozilla.org\/de\/kb\/cookies-und-website-daten-in-firefox-loschen?tid=311178978.<\/li>\n\n\n\n<li>Microsoft Edge: https:\/\/support.microsoft.com\/de-de\/microsoft-edge\/cookies-in-microsoft-edge-l%C3%B6schen-63947406-40ac-c3b8-57b9-2a946a29ae09.<\/li>\n<\/ul>\n\n\n\n<h2 class=\"wp-block-heading\"><strong><span style=\"text-decoration: underline\" class=\"underline\"><strong>7. Inhalte unserer Internetseite<\/strong><\/span><\/strong><\/h2>\n\n\n\n<p><strong>7.1 Kontaktaufnahme per Kontaktformular und E-Mail<\/strong><\/p>\n\n\n\n<p>Im Rahmen der Kontaktaufnahme mit uns per Kontaktformular, E-Mail oder Telefon werden personenbezogene Daten erhoben. Welche Daten im Falle einer Kontaktaufnahme erhoben werden, h\u00e4ngt vom gew\u00e4hlten Kontaktweg sowie dem Inhalt der Korrespondenz ab. Bei Nutzung des Kontaktformulars werden die in der Eingabemaske eingegebenen Daten an uns \u00fcbermittelt und gespeichert. Bei Kontaktaufnahme \u00fcber E-Mail werden die mit der E-Mail \u00fcbermittelten personenbezogenen Daten des Nutzers gespeichert. Diese Daten werden ausschlie\u00dflich zum Zweck der Beantwortung Ihres Anliegens bzw. f\u00fcr die Kontaktaufnahme und die damit verbundene technische Administration gespeichert und verwendet. Rechtsgrundlage f\u00fcr die Verarbeitung der Daten ist unser berechtigtes Interesse an der Beantwortung Ihres Anliegens gem\u00e4\u00df Art. 6 Abs. 1 lit. f) DS-GVO. Zielt Ihre Kontaktierung auf den Abschluss eines Vertrages ab, so ist zus\u00e4tzliche Rechtsgrundlage f\u00fcr die Verarbeitung Art. 6 Abs. 1 lit. b) DS-GVO. Ihre Daten werden nach abschlie\u00dfender Bearbeitung Ihrer Anfrage gel\u00f6scht, dies ist der Fall, wenn sich aus den Umst\u00e4nden entnehmen l\u00e4sst, dass der betroffene Sachverhalt abschlie\u00dfend gekl\u00e4rt ist und sofern keine gesetzlichen Aufbewahrungspflichten entgegenstehen.<\/p>\n\n\n\n<p><strong>7.2 Bewerbungsmanagement \/ Stellenb\u00f6rse<\/strong><\/p>\n\n\n\n<p>Im Rahmen der Durchf\u00fchrung von Dienstleistungen in der Stellenvermittlung und im Recruiting erheben und verarbeiten wir die personenbezogenen Daten von Bewerbern (insb. Name, Vorname, Geburtsdatum, Adresse, E-Mail-Adresse, Qualifikation, Lebenslauf, berufliche Unterlagen, evtl. Bild). Die Verarbeitung kann auch auf elektronischem Wege erfolgen. Dies ist insbesondere dann der Fall, wenn ein Bewerber entsprechende Bewerbungsunterlagen auf dem elektronischen Wege, beispielsweise per E-Mail oder \u00fcber ein auf der Website befindliches Webformular, an uns \u00fcbermittelt.<\/p>\n\n\n\n<p>Der Zweck der Erhebung, Speicherung und Verwendung Ihrer personenbezogenen Daten besteht in der \u00dcberpr\u00fcfung und Weitergabe derjenigen Stellenangebote an Sie als Bewerber, die mit Ihrem Bewerberprofil korrespondieren (bei Auftrag durch Sie als Stellensuchenden) bzw. in der Auswertung der Bewerberdaten im Rahmen der Durchf\u00fchrung von Recruiting-Dienstleistungen f\u00fcr Unternehmen anhand deren Anforderungsprofil (bei Auftrag durch Unternehmen als potenzielle Arbeitgeber). Neben den vom Bewerber eingereichten Daten und Unterlagen k\u00f6nnen in das Bewerberprofil auch \u00fcber Recruiting-Plattformen wie XING oder LinkendIn \u00f6ffentlich zur Verf\u00fcgung gestellte Informationen einbezogen werden, solange Nutzer in ihren Profilen nicht eindeutig dagegen widersprechen.<\/p>\n\n\n\n<p>Zur Vermittlung von Arbeitspl\u00e4tzen ist es erforderlich, dass dem potenziellen Arbeitgeber personenbezogene Daten des Bewerbers offengelegt werden. Die Daten werden dem potenziellen Arbeitgeber im Rahmen eines Bewerberdossiers zur Verf\u00fcgung gestellt, welches das Bewerberprofil inkl. Bewerbungsunterlagen enth\u00e4lt. Die Bewerberprofile werden sp\u00e4testens nach sechs Monaten automatisch gel\u00f6scht, wenn keine Einwilligung des Bewerbers f\u00fcr eine l\u00e4ngere Speicherung vorliegt (s. Absatz zum Bewerber-Pool). Im Falle eines Widerspruchs werden die Daten unverz\u00fcglich gel\u00f6scht und potenzielle Arbeitgeber, an die das Dossier bereits \u00fcbermittelt wurde, entsprechend informiert.<\/p>\n\n\n\n<p>Rechtsgrundlage der Verarbeitung ist Art. 6 Abs. 1 S. 1 lit. b) DS-GVO (Vertragsanbahnung und -durchf\u00fchrung) bei Auftrag durch den Stellensuchenden bzw. Art. 6 Abs. 1 S. 1 lit. f) DS-GVO (berechtigtes betriebliches Interesse) bei Auftrag durch Unternehmen als potenzielle Arbeitgeber. Das betriebliche Interesse liegt dabei in der Erf\u00fcllung des Vertrages mit dem beauftragenden Unternehmen.<\/p>\n\n\n\n<p>Au\u00dferhalb der Stellenvermittlung werden keine personenbezogenen Daten an Dritte weitergegeben und es findet keine Verarbeitung zu anderen Zwecken statt. Im Falle einer Beauftragung durch Sie als Bewerber ist die Bereitstellung der Bewerbungsunterlagen vertraglich verpflichtend, da wir anderenfalls die beauftragte Leistung nicht durchf\u00fchren und Ihnen keine geeigneten Stellenangebote zukommen lassen k\u00f6nnen. Im Falle einer Bewerbung auf eine Stellenanzeige, die wir im Auftrag eines Unternehmens geschaltet haben, ist die Bereitstellung der Bewerbungsunterlagen grunds\u00e4tzlich weder vertraglich noch gesetzlich verpflichtend. Allerdings erschwert eine unvollst\u00e4ndige Bewerbung faktisch den Auswahlprozess und kann daf\u00fcr sorgen, dass Sie im Auswahlprozess nicht weiter ber\u00fccksichtigt werden k\u00f6nnen. Genauere Informationen zur Datenverarbeitung im Rahmen des Bewerbungsverfahrens und der Bewerbungsgespr\u00e4che k\u00f6nnen Sie der Datenschutzinformation f\u00fcr Bewerber entnehmen, die Sie gesondert per E-Mail erhalten.<\/p>\n\n\n\n<p><strong>Bewerber-Pool<\/strong><\/p>\n\n\n\n<p>Sofern wir f\u00fcr Sie keine geeignete Stelle finden k\u00f6nnen, besteht ggf. die M\u00f6glichkeit, Sie in unseren Bewerber-Pool aufzunehmen. Im Falle der Aufnahme werden alle Dokumente und Angaben aus der Bewerbung in den Bewerber-Pool \u00fcbernommen, um Sie im Falle von passenden Vakanzen zu kontaktieren.<\/p>\n\n\n\n<p>Die Aufnahme in den Bewerber-Pool geschieht ausschlie\u00dflich auf Grundlage Ihrer ausdr\u00fccklichen Einwilligung (Art. 6 Abs. 1 lit. a DSGVO). Die Abgabe der Einwilligung ist freiwillig und steht in keinem Bezug zum ggf. laufenden Bewerbungsverfahren. Der Betroffene kann seine Sie k\u00f6nnen Ihre Einwilligung jederzeit widerrufen. In diesem Falle werden die Daten aus dem Bewerber-Pool unwiderruflich gel\u00f6scht, sofern keine gesetzlichen Aufbewahrungsgr\u00fcnde vorliegen. Die Daten aus dem Bewerber-Pool werden sp\u00e4testens zwei Jahre nach Erteilung der Einwilligung unwiderruflich gel\u00f6scht.<\/p>\n\n\n\n<h2 class=\"wp-block-heading\"><strong><span style=\"text-decoration: underline\" class=\"underline\"><strong>8. Unsere Aktivit\u00e4ten in sozialen Netzwerken<\/strong><\/span><\/strong><\/h2>\n\n\n\n<p>Damit wir mit Ihnen auch in sozialen Netzwerken kommunizieren und Sie \u00fcber unsere Leistungen informieren k\u00f6nnen, sind wir dort mit eigenen Seiten vertreten. Wenn Sie eine unserer Social-Media-Seiten besuchen, sind wir hinsichtlich der dadurch ausgel\u00f6sten Verarbeitungsvorg\u00e4nge, im Sinne des Art. 26 DS-GVO, mit dem Anbieter der jeweiligen Social-Media-Plattform gemeinsam f\u00fcr die Verarbeitung verantwortlich.<\/p>\n\n\n\n<p>Wir sind dabei nicht der origin\u00e4re Anbieter dieser Seiten, sondern nutzen diese lediglich im Rahmen der uns durch die jeweiligen Anbieter gebotenen M\u00f6glichkeiten.<\/p>\n\n\n\n<p>Daher weisen wir vorsorglich darauf hin, dass Ihre Daten m\u00f6glicherweise auch au\u00dferhalb der Europ\u00e4ischen Union bzw. des Europ\u00e4ischen Wirtschaftsraumes verarbeitet werden. Eine Nutzung kann daher mit Datenschutzrisiken f\u00fcr Sie verbunden sein, da die Wahrung Ihrer Rechte z.B. auf Auskunft, L\u00f6schung, Widerspruch, etc. erschwert sein k\u00f6nnte und die Verarbeitung in den sozialen Netzwerken h\u00e4ufig direkt zu Werbezwecken oder zur Analyse des Nutzerverhaltens durch die Anbieter erfolgt, ohne dass dies durch uns beeinflusst werden kann. Werden durch den Anbieter Nutzungsprofile angelegt, werden dabei h\u00e4ufig Cookies eingesetzt bzw. das Nutzungsverhalten dem von Ihnen erstellten eigenen Mitgliedprofil der sozialen Netzwerke zugeordnet.<\/p>\n\n\n\n<p>Die beschriebenen Verarbeitungsvorg\u00e4nge personenbezogener Daten erfolgen gem\u00e4\u00df Art. 6 Abs. 1 lit. f DS-GVO auf Basis unseres berechtigten Interesses und des berechtigten Interesses des jeweiligen Anbieters, um mit Ihnen in einer zeitgem\u00e4\u00dfen Art und Weise kommunizieren bzw. Sie \u00fcber unsere Leistungen informieren zu k\u00f6nnen. M\u00fcssen Sie bei den jeweiligen Anbietern eine Einwilligung zur Datenverarbeitung als Nutzer abgeben, bezieht sich die Rechtsgrundlage auf Art. 6 Abs. 1 lit. a DS-GVO i.V.m. Art. 7 DS-GVO.<\/p>\n\n\n\n<p>Da wir keine Zugriffe auf die Datenbest\u00e4nde der Anbieter haben, weisen wir darauf hin, dass Sie Ihre Rechte (z.B. auf Auskunft, Berichtigung, L\u00f6schung, etc.) am besten direkt bei dem jeweiligen Anbieter gelten machen. Weiterf\u00fchrende Informationen zur Verarbeitung Ihrer Daten in den sozialen Netzwerken und der M\u00f6glichkeit von Ihrem Widerspruchs- bzw. Widerrufsrecht (sog. Opt-Out) Gebrauch zu machen, haben wir nachfolgend bei dem jeweiligen von uns eingesetzten Anbieter sozialer Netzwerke aufgef\u00fchrt:<\/p>\n\n\n\n<p><strong>8.1 LinkedIn<\/strong><\/p>\n\n\n\n<p>(Mit-) Verantwortlicher f\u00fcr die Datenverarbeitung in Europa:<\/p>\n\n\n\n<p>LinkedIn Ireland Unlimited Company Wilton Place, Dublin 2, Irland<\/p>\n\n\n\n<p>Datenschutzerkl\u00e4rung:<\/p>\n\n\n\n<figure class=\"wp-block-embed\"><div class=\"wp-block-embed__wrapper\">\nhttps:\/\/www.linkedin.com\/legal\/privacy-policy\n<\/div><\/figure>\n\n\n\n<p><strong>8.2 XING (New Work SE)<\/strong><\/p>\n\n\n\n<p>(Mit-) Verantwortlicher f\u00fcr die Datenverarbeitung in Deutschland:<\/p>\n\n\n\n<p>New Work SE, Am Strandkai 1, 20457 Hamburg, Deutschland<\/p>\n\n\n\n<p>Datenschutzerkl\u00e4rung:<\/p>\n\n\n\n<figure class=\"wp-block-embed\"><div class=\"wp-block-embed__wrapper\">\nhttps:\/\/privacy.xing.com\/de\/datenschutzerklaerung\n<\/div><\/figure>\n\n\n\n<p>Auskunftsanfragen f\u00fcr XING Mitglieder:<\/p>\n\n\n\n<figure class=\"wp-block-embed\"><div class=\"wp-block-embed__wrapper\">\nhttps:\/\/www.xing.com\/settings\/privacy\/data\/disclosure\n<\/div><\/figure>\n\n\n\n<h2 class=\"wp-block-heading\"><strong><span style=\"text-decoration: underline\" class=\"underline\"><strong>9. Ihre Rechte als betroffene Person<\/strong><\/span><\/strong><\/h2>\n\n\n\n<p><strong>9.1 Recht auf Best\u00e4tigung<\/strong><\/p>\n\n\n\n<p>Sie haben das Recht, von uns eine Best\u00e4tigung dar\u00fcber zu verlangen, ob Sie betreffende personenbezogene Daten verarbeitet werden.<\/p>\n\n\n\n<p><strong>9.2 Recht auf Auskunft Art. 15 DS-GVO<\/strong><\/p>\n\n\n\n<p>Sie haben das Recht, jederzeit von uns unentgeltliche Auskunft \u00fcber die zu Ihrer Person gespeicherten personenbezogenen Daten sowie eine Kopie dieser Daten nach Ma\u00dfgabe der gesetzlichen Bestimmungen zu erhalten.<\/p>\n\n\n\n<p><strong>9.3 Recht auf Berichtigung Art. 16 DS-GVO<\/strong><\/p>\n\n\n\n<p>Sie haben das Recht, die Berichtigung Sie betreffender unrichtiger personenbezogener Daten zu verlangen. Ferner steht Ihnen das Recht zu, unter Ber\u00fccksichtigung der Zwecke der Verarbeitung, die Vervollst\u00e4ndigung unvollst\u00e4ndiger personenbezogener Daten zu verlangen.<\/p>\n\n\n\n<p><strong>9.4 L\u00f6schung Art. 17 DS-GVO<\/strong><\/p>\n\n\n\n<p>Sie haben das Recht, von uns zu verlangen, dass die Sie betreffenden personenbezogenen Daten unverz\u00fcglich gel\u00f6scht werden, sofern einer der gesetzlich vorgesehenen Gr\u00fcnde zutrifft und soweit die Verarbeitung bzw. Speicherung nicht erforderlich ist.<\/p>\n\n\n\n<p><strong>9.5 Einschr\u00e4nkung der Verarbeitung Art. 18 DS-GVO<\/strong><\/p>\n\n\n\n<p>Sie haben das Recht, von uns die Einschr\u00e4nkung der Verarbeitung zu verlangen, wenn eine der gesetzlichen Voraussetzungen gegeben ist.<\/p>\n\n\n\n<p><strong>9.6 Daten\u00fcbertragbarkeit Art. 20 DS-GVO<\/strong><\/p>\n\n\n\n<p>Sie haben das Recht, die Sie betreffenden personenbezogenen Daten, welche uns durch Sie bereitgestellt wurden, in einem strukturierten, g\u00e4ngigen und maschinenlesbaren Format zu erhalten. Sie haben au\u00dferdem das Recht, diese Daten einem anderen Verantwortlichen ohne Behinderung durch uns, dem die personenbezogenen Daten bereitgestellt wurden, zu \u00fcbermitteln, sofern die Verarbeitung auf der Einwilligung gem\u00e4\u00df Art. 6 Abs. 1 lit. a DS-GVO oder Art. 9 Abs. 2 lit. a DS-GVO oder auf einem Vertrag gem\u00e4\u00df Art. 6 Abs. 1 lit. b DS-GVO beruht und die Verarbeitung mithilfe automatisierter Verfahren erfolgt, sofern die Verarbeitung nicht f\u00fcr die Wahrnehmung einer Aufgabe erforderlich ist, die im \u00f6ffentlichen Interesse liegt oder in Aus\u00fcbung \u00f6ffentlicher Gewalt erfolgt, welche uns \u00fcbertragen wurde.<\/p>\n\n\n\n<p>Ferner haben Sie bei der Aus\u00fcbung Ihres Rechts auf Daten\u00fcbertragbarkeit gem\u00e4\u00df Art. 20 Abs. 1 DS-GVO das Recht, zu erwirken, dass die personenbezogenen Daten direkt von einem Verantwortlichen an einen anderen Verantwortlichen \u00fcbermittelt werden, soweit dies technisch machbar ist und sofern hiervon nicht die Rechte und Freiheiten anderer Personen beeintr\u00e4chtigt werden.<\/p>\n\n\n\n<p><strong>9.7 Widerruf einer datenschutzrechtlichen Einwilligung<\/strong><\/p>\n\n\n\n<p>Sie haben das Recht, eine Einwilligung zur Verarbeitung personenbezogener Daten jederzeit mit Wirkung f\u00fcr die Zukunft zu widerrufen.<\/p>\n\n\n\n<p><strong>9.8 Beschwerde bei einer Aufsichtsbeh\u00f6rde<\/strong><\/p>\n\n\n\n<p>Sie haben das Recht, sich bei einer f\u00fcr Datenschutz zust\u00e4ndigen Aufsichtsbeh\u00f6rde \u00fcber unsere Verarbeitung personenbezogener Daten zu beschweren. Die f\u00fcr uns zust\u00e4ndige Aufsichtsbeh\u00f6rde ist:<\/p>\n\n\n\n<p>Bayerisches Landesamt f\u00fcr Datenschutzaufsicht<\/p>\n\n\n\n<p>Promenade 18, 91522 Ansbach<\/p>\n\n\n\n<p>Telefon: 0981 \/ 180 093-0<\/p>\n\n\n\n<p>E-Mail: poststelle@lda.bayern.de<\/p>\n\n\n\n<p><\/p>\n\n\n\n<p class=\"has-vivid-red-color has-text-color has-medium-font-size\"><strong><span style=\"text-decoration: underline\" class=\"underline\">9.9 Widerspruch Art. 21 DS-GVO<\/span><\/strong><\/p>\n\n\n\n<p>Wenn wir nach einer Interessensabw\u00e4gung Ihre personenbezogenen Daten aufgrund unseres \u00fcberwiegenden berechtigten Interesses nach Art. 6 Abs. 1 lit. f) DS-GVO verarbeiten, haben Sie jederzeit das Recht, gegen diese Verarbeitung Widerspruch mit Wirkung f\u00fcr die Zukunft einzulegen.<\/p>\n\n\n\n<p>Machen Sie von Ihrem Widerspruchsrecht Gebrauch, beenden wir die Verarbeitung der betroffenen Daten. Eine Weiterverarbeitung bleibt aber vorbehalten, wenn wir zwingende schutzw\u00fcrdige Gr\u00fcnde f\u00fcr die Verarbeitung nachweisen k\u00f6nnen, die Ihre individuellen Interessen, Grundrechte und Grundfreiheiten \u00fcberwiegen, oder wenn die Verarbeitung der Geltendmachung, Aus\u00fcbung oder Verteidigung von Rechtsanspr\u00fcchen dient.<\/p>\n\n\n\n<p>Werden Ihre personenbezogenen Daten von uns verarbeitet, um Direktwerbung zu betreiben, haben Sie das Recht, jederzeit Widerspruch gegen die Verarbeitung Sie betreffender personenbezogener Daten zum Zwecke derartiger Werbung einzulegen. Sie k\u00f6nnen den Widerspruch wie oben beschrieben aus\u00fcben. Machen Sie von ihrem Werbe-Widerspruchsrecht Gebrauch, beenden wir die Verarbeitung der betroffenen Daten zu Direktwerbezwecken umgehend mit Wirkung f\u00fcr die Zukunft.<\/p>\n\n\n\n<h2 class=\"wp-block-heading\"><strong><strong><u><strong>10. Routinem\u00e4\u00dfige Speicherung, L\u00f6schung und Sperrung von personenbezogenen Daten<\/strong><\/u><\/strong><\/strong><\/h2>\n\n\n\n<p>Wir verarbeiten und speichern Ihre personenbezogenen Daten nur f\u00fcr den Zeitraum, der zur Erreichung des Speicherungszwecks erforderlich ist oder sofern dies durch die Rechtsvorschriften, welchen unser Unternehmen unterliegt, vorgesehen wurde.<\/p>\n\n\n\n<p>Entf\u00e4llt der Speicherungszweck oder l\u00e4uft eine vorgeschriebene Speicherfrist ab, werden die personenbezogenen Daten routinem\u00e4\u00dfig und entsprechend den gesetzlichen Vorschriften gesperrt oder gel\u00f6scht.<\/p>\n\n\n\n<h2 class=\"wp-block-heading\"><strong><strong><u><strong>11. Rechtsgrundlagen der Datenverarbeitungen<\/strong><\/u><\/strong><\/strong><\/h2>\n\n\n\n<p>Die Verarbeitung personenbezogener Daten \u00fcber diese Homepage erfolgt auf Basis verschiedener Rechtsgrundlagen. Generell kommen als Rechtsgrundlagen Ihre Einwilligung nach Art. 6 Abs. 1 lit. a) DS-GVO, (vor-)vertragliche Ma\u00dfnahmen nach Art. 6 Abs. 1 lit. b) DS-GVO, die Erf\u00fcllung gesetzlicher Pflichten nach Art. 6 Abs. 1 lit. c) DS-GVO und das \u00fcberwiegend berechtigte Interesse nach Art. 6 Abs. 1 lit. f) DS-GVO in Betracht. Die f\u00fcr die jeweilige Verarbeitungst\u00e4tigkeit zutreffende Rechtsgrundlage haben wir stets bei der Beschreibung der entsprechenden T\u00e4tigkeit mit angegeben.<\/p>\n\n\n\n<h2 class=\"wp-block-heading\"><strong><strong><u><strong>12. Aktualit\u00e4t und \u00c4nderung der Datenschutzerkl\u00e4rung<\/strong><\/u><\/strong><\/strong><\/h2>\n\n\n\n<p>Diese Datenschutzerkl\u00e4rung ist aktuell g\u00fcltig und hat den Stand: August 2022. Diese Datenschutzerkl\u00e4rung wurde mit Unterst\u00fctzung der Datenschutz-Software: audatis MANAGER erstellt.<\/p>\n\n\n\n<h2 class=\"wp-block-heading\"><strong>13. Datenschutz-Siegel<\/strong><\/h2>\n\n\n\n<p>Wir nehmen unsere Verantwortung als Betreiber dieser Website ernst. Deshalb wurde die Website von einem externen Datenschutzberater am 26.09.2022 einer umfangreichen Pr\u00fcfung auf Datenschutzkonformit\u00e4t unterzogen. Die Ergebnisse haben best\u00e4tigt, dass unsere Website den datenschutzrechtlichen Anforderungen gerecht wird. Weitere Informationen zum Pr\u00fcfverfahren finden Sie auf der Seite unseres Datenschutzbeauftragten: https:\/\/ascon-datenschutz.de\/homepage-check\/.&#8220;<\/p>","protected":false},"excerpt":{"rendered":"<p>1. Einleitung Mit den folgenden Informationen m\u00f6chten wir Ihnen als &#8222;betroffener Person&#8220; einen \u00dcberblick \u00fcber die Verarbeitung Ihrer personenbezogenen Daten durch uns und Ihre Rechte aus den Datenschutzgesetzen geben. Eine Nutzung unserer Internetseiten ist grunds\u00e4tzlich ohne Eingabe personenbezogener Daten m\u00f6glich. Sofern Sie besondere Services unseres Unternehmens \u00fcber unsere Internetseite in Anspruch nehmen m\u00f6chten, k\u00f6nnte jedoch [&hellip;]<\/p>","protected":false},"author":1,"featured_media":0,"parent":0,"menu_order":0,"comment_status":"closed","ping_status":"open","template":"","meta":{"footnotes":""},"class_list":["post-3","page","type-page","status-publish","hentry"],"_links":{"self":[{"href":"https:\/\/gmc-global.de\/en\/wp-json\/wp\/v2\/pages\/3","targetHints":{"allow":["GET"]}}],"collection":[{"href":"https:\/\/gmc-global.de\/en\/wp-json\/wp\/v2\/pages"}],"about":[{"href":"https:\/\/gmc-global.de\/en\/wp-json\/wp\/v2\/types\/page"}],"author":[{"embeddable":true,"href":"https:\/\/gmc-global.de\/en\/wp-json\/wp\/v2\/users\/1"}],"replies":[{"embeddable":true,"href":"https:\/\/gmc-global.de\/en\/wp-json\/wp\/v2\/comments?post=3"}],"version-history":[{"count":5,"href":"https:\/\/gmc-global.de\/en\/wp-json\/wp\/v2\/pages\/3\/revisions"}],"predecessor-version":[{"id":15353,"href":"https:\/\/gmc-global.de\/en\/wp-json\/wp\/v2\/pages\/3\/revisions\/15353"}],"wp:attachment":[{"href":"https:\/\/gmc-global.de\/en\/wp-json\/wp\/v2\/media?parent=3"}],"curies":[{"name":"wp","href":"https:\/\/api.w.org\/{rel}","templated":true}]}}